{"id":311,"date":"2022-10-16T00:01:03","date_gmt":"2022-10-15T21:01:03","guid":{"rendered":"http:\/\/merintas.com.tr\/?page_id=311"},"modified":"2022-10-17T17:33:28","modified_gmt":"2022-10-17T14:33:28","slug":"kurumsal","status":"publish","type":"page","link":"https:\/\/merintas.com.tr\/en\/kurumsal\/","title":{"rendered":"KURUMSAL"},"content":{"rendered":"<div id=\"gap-2142583115\" class=\"gap-element clearfix\" style=\"display:block; height:auto;\">\n\t\t\n<style scope=\"scope\">\n\n#gap-2142583115 {\n  padding-top: 30px;\n}\n<\/style>\n\t<\/div>\n\t\n\n<div class=\"row\"  id=\"row-2042132643\">\n\n\n\t<div class=\"col small-12 large-12\"  >\n\t\t<div class=\"col-inner\"  >\n\t\t\t\n\t\t\t\n\n<div class=\"column mcb-column mcb-item-ef6b065ef one tablet-one mobile-one column_column\">\n<div class=\"mcb-column-inner mcb-column-inner-ef6b065ef mcb-item-column-inner\">\n<h2><strong>Hakk\u0131m\u0131zda<\/strong><\/h2>\n<p style=\"text-align: justify;\">Merinta\u015f Etiket 1990 y\u0131l\u0131ndan bu yana verdi\u011fi hizmetlerle s\u00fcrd\u00fcr\u00fclebilir olmaktan gurur duymaktad\u0131r. Firmam\u0131z, 2005 y\u0131l\u0131ndan itibaren, Body Sleeve, Kendinden Yap\u0131\u015fkanl\u0131 Etiket ve IML alan\u0131nda i\u015f ortaklar\u0131m\u0131za ve m\u00fc\u015fterilerimize hizmet vermektedir. Merinta\u015f Etiket, son teknoloji bask\u0131 sistemleri kullan\u0131larak kaliteli \u00fcr\u00fcn ve hizmetin \u00f6n ko\u015fulunun deneyime ve bask\u0131 \u00f6ncesi hassas haz\u0131rl\u0131k oldu\u011funa inanmaktad\u0131r. \u00dcretim s\u00fcrecinde \u00e7al\u0131\u015fmak \u00fczere ulusal ve uluslararas\u0131 markalar ile bir\u00e7ok kurulu\u015f taraf\u0131ndan tercih edilen Merinta\u015f Etiket, ko\u015fulsuz m\u00fc\u015fteri memnuniyeti anlay\u0131\u015f\u0131n\u0131 s\u00fcrd\u00fcrerek geli\u015fimini s\u00fcrd\u00fcrmektedir.<\/p>\n<h2><strong>Vizyonumuz<\/strong><\/h2>\n<p>Merinta\u015f Etiket, m\u00fc\u015fteri memnuniyetini, s\u00fcrekli geli\u015fmeyi, kaliteyi, ekip \u00e7al\u0131\u015fmas\u0131n\u0131, sosyal sorumlulu\u011fu, profesyonel y\u00f6netim anlay\u0131\u015f\u0131n\u0131, teknolojik geli\u015fmelere uyumu esas alan bir anlay\u0131\u015fla etiket sekt\u00f6r\u00fcnde liderli\u011fini s\u00fcrd\u00fcrerek T\u00fcrkiye&#8217;de sekt\u00f6r\u00fcnde lider kurulu\u015f olma vizyonunu kazanm\u0131\u015ft\u0131r. 30 y\u0131l\u0131 a\u015fk\u0131n yat\u0131r\u0131mlar\u0131, bilgi birikimi ve tecr\u00fcbesi ile T\u00fcrkiye&#8217;de sanayi sekt\u00f6r\u00fcne hizmet veren lider bir etiket \u00fcreticisidir.<\/p>\n<h2><strong>Misyonumuz<\/strong><\/h2>\n<p>Firmam\u0131z, T\u00fcrkiye&#8217;de ve D\u00fcnya&#8217;da \u00e7e\u015fitli \u00fclke pazarlar\u0131na yeni \u00fcretim teknolojileri ve yeni etiket malzemeleri sunmaya devam ederek, sekt\u00f6r\u00fcnde lider firma olmay\u0131, i\u00e7 ve d\u0131\u015f pazarlara hizmet vermeyi hedeflemektedir. Taahh\u00fctlerimizi zaman\u0131nda yerine getirerek m\u00fc\u015fterilerimizin ve tedarik\u00e7ilerimizin g\u00f6z\u00fcnde ideal i\u015f orta\u011f\u0131 olmaya devam edece\u011fiz. M\u00fc\u015fterilerimize, sorumlu olduklar\u0131 ki\u015fi ve \u015firketlere ve \u00e7al\u0131\u015fanlar\u0131m\u0131za kar\u015f\u0131 \u00f6rnek bir kurulu\u015f olmay\u0131 misyon edindik.<\/p>\n<\/div>\n<\/div>\n\n\t\t<\/div>\n\t<\/div>\n\n\t\n\n<\/div>","protected":false},"excerpt":{"rendered":"","protected":false},"author":1,"featured_media":0,"parent":0,"menu_order":0,"comment_status":"closed","ping_status":"closed","template":"","meta":{"footnotes":""},"class_list":["post-311","page","type-page","status-publish","hentry"],"_links":{"self":[{"href":"https:\/\/merintas.com.tr\/en\/wp-json\/wp\/v2\/pages\/311","targetHints":{"allow":["GET"]}}],"collection":[{"href":"https:\/\/merintas.com.tr\/en\/wp-json\/wp\/v2\/pages"}],"about":[{"href":"https:\/\/merintas.com.tr\/en\/wp-json\/wp\/v2\/types\/page"}],"author":[{"embeddable":true,"href":"https:\/\/merintas.com.tr\/en\/wp-json\/wp\/v2\/users\/1"}],"replies":[{"embeddable":true,"href":"https:\/\/merintas.com.tr\/en\/wp-json\/wp\/v2\/comments?post=311"}],"version-history":[{"count":4,"href":"https:\/\/merintas.com.tr\/en\/wp-json\/wp\/v2\/pages\/311\/revisions"}],"predecessor-version":[{"id":638,"href":"https:\/\/merintas.com.tr\/en\/wp-json\/wp\/v2\/pages\/311\/revisions\/638"}],"wp:attachment":[{"href":"https:\/\/merintas.com.tr\/en\/wp-json\/wp\/v2\/media?parent=311"}],"curies":[{"name":"wp","href":"https:\/\/api.w.org\/{rel}","templated":true}]}}